{"id":11,"date":"2020-12-21T09:41:32","date_gmt":"2020-12-21T08:41:32","guid":{"rendered":"http:\/\/www.g-lader.info\/vwpoloigdeutschlandev\/?page_id=11"},"modified":"2026-02-19T14:13:57","modified_gmt":"2026-02-19T13:13:57","slug":"ueber-uns","status":"publish","type":"page","link":"https:\/\/www.g-lader.info\/vwpoloigdeutschlandev\/?page_id=11","title":{"rendered":"\u00dcber uns &#8211; die VW Polo IG Deutschland e.V."},"content":{"rendered":"\n<figure class=\"wp-block-image alignleft size-full is-resized\"><img loading=\"lazy\" decoding=\"async\" width=\"798\" height=\"228\" src=\"https:\/\/www.g-lader.info\/vwpoloigdeutschlandev\/wp-content\/uploads\/2025\/04\/cropped-logo_poloig_final1_800.jpg\" alt=\"\" class=\"wp-image-1562\" style=\"width:433px;height:auto\" srcset=\"https:\/\/www.g-lader.info\/vwpoloigdeutschlandev\/wp-content\/uploads\/2025\/04\/cropped-logo_poloig_final1_800.jpg 798w, https:\/\/www.g-lader.info\/vwpoloigdeutschlandev\/wp-content\/uploads\/2025\/04\/cropped-logo_poloig_final1_800-300x86.jpg 300w, https:\/\/www.g-lader.info\/vwpoloigdeutschlandev\/wp-content\/uploads\/2025\/04\/cropped-logo_poloig_final1_800-768x219.jpg 768w\" sizes=\"auto, (max-width: 798px) 100vw, 798px\" \/><\/figure>\n\n\n\n<p class=\"has-large-font-size\">Die Interessengemeinschaft zum klassischen VW Polo, Derby und Audi 50<\/p>\n\n\n\n<figure class=\"wp-block-image size-large\"><img loading=\"lazy\" decoding=\"async\" width=\"1024\" height=\"576\" src=\"https:\/\/www.g-lader.info\/vwpoloigdeutschlandev\/wp-content\/uploads\/2025\/05\/DJI_20250517121755_0097_D-1024x576.jpg\" alt=\"\" class=\"wp-image-2181\" srcset=\"https:\/\/www.g-lader.info\/vwpoloigdeutschlandev\/wp-content\/uploads\/2025\/05\/DJI_20250517121755_0097_D-1024x576.jpg 1024w, https:\/\/www.g-lader.info\/vwpoloigdeutschlandev\/wp-content\/uploads\/2025\/05\/DJI_20250517121755_0097_D-300x169.jpg 300w, https:\/\/www.g-lader.info\/vwpoloigdeutschlandev\/wp-content\/uploads\/2025\/05\/DJI_20250517121755_0097_D-768x432.jpg 768w, https:\/\/www.g-lader.info\/vwpoloigdeutschlandev\/wp-content\/uploads\/2025\/05\/DJI_20250517121755_0097_D-1536x864.jpg 1536w, https:\/\/www.g-lader.info\/vwpoloigdeutschlandev\/wp-content\/uploads\/2025\/05\/DJI_20250517121755_0097_D-2048x1152.jpg 2048w\" sizes=\"auto, (max-width: 1024px) 100vw, 1024px\" \/><\/figure>\n\n\n\n<p>Herzlich Willkommen auf der Webseite der VW Polo IG Deutschland e.V.! Wann haben Sie zum letzten Mal einen gut erhaltenen VW Polo des Typs 86 oder 86C gesehen? Mit \u00fcber 20 Millionen produzierten VW Polo war das Kleinwagen-Volumenmodell ein gen\u00fcgsamer und meistens zweckm\u00e4\u00dfiger Begleiter in allen Lebenslagen. Ob beim Einkaufen, bei Fahrten zu Uni oder in den Urlaub, beim Umzug &#8211; \u00fcberall bewies der Polo &#8211; manchmal gekauft f\u00fcr ein paar Hundert Mark oder getauscht f\u00fcr einen Kasten Hopfenbrause &#8211; seine Vielseitigkeit. Wir haben uns zur Aufgabe gemacht, einige Fahrzeuge f\u00fcr die Nachwelt (und uns) zu bewahren. Weil wir denken: der k\u00fcrzeste Volkswagen aller Zeiten nimmt einen genau so gro\u00dfen Stellenwert in der Modellgeschichte von Volkswagen ein wie Modelle wie Golf, K\u00e4fer, Bulli und Co. Aber auch, weil wir selber einfach gerne noch heute Polo fahren. In Zeiten, in denen moderne Autos immer gr\u00f6\u00dfer, schwerer und komplexer werden, freuen wir uns \u00fcber die Einfachheit des Autofahrens. Die gute \u00dcbersichtlichkeit, die Schlichtheit der Fahrzeugausstattung (denn diese es gibt kaum) und das zeitlose Design sind als Beispiele zu nennen. Das sind Eigenschaften, die viele Autofahrer heute sogar vermissen. Wir erhalten Sie, lassen sie leben und lieben sie.<\/p>\n\n\n\n<p><strong>Die VW Polo IG<\/strong><br>Als einzige bundesweit aktive Interessengemeinschaft zum klassischen VW Polo mit Wurzeln, die bis in die 1980er Jahre zur\u00fcck reichen, nehmen unsere Mitglieder die Funktion von Markenbotschaftern zum VW Polo wahr. So bringen wir die inzwischen seltenen gewordenen Fahrzeuge aktiv in den Stra\u00dfenverkehr und nehmen an zahlreichen Veranstaltungen teil. Zu nennen sind Motorsportveranstaltungen wie die Youngtimer Trophy, Youngtimer Rallye Trophy, Slalom-Sport sowie touristische wie sportliche Oldtimerrallyes. Wir richten einmalig im Jahr ein <a href=\"https:\/\/www.vwpoloig.de\/?p=2566\" data-type=\"link\" data-id=\"https:\/\/www.vwpoloig.de\/?p=2566\">VW Polo-Treffen am N\u00fcrburgring<\/a> aus, welches inzwischen eine eigene Tradition hat. Wer pers\u00f6nlichen Kontakt zur VW Polo IG aufnehmen m\u00f6chte, hat auf Treffen und anderen Veranstaltungen die ideale Gelegenheit dazu. Dar\u00fcber hinaus stellen wir auf der Techno Classica bzw. Retro Classics jedes Jahr st\u00e4ndig wechselnde Exponate des VW Polo aus, darunter in den letzten Jahren sehr besondere und seltene Fahrzeuge. Bei Interesse finden Sie uns in der Halle der VW-Clubs.<\/p>\n\n\n\n<figure class=\"wp-block-image size-large\"><img loading=\"lazy\" decoding=\"async\" width=\"1024\" height=\"576\" src=\"https:\/\/www.g-lader.info\/vwpoloigdeutschlandev\/wp-content\/uploads\/2025\/04\/IMG_9750-edited-1024x576.jpg\" alt=\"\" class=\"wp-image-1620\" srcset=\"https:\/\/www.g-lader.info\/vwpoloigdeutschlandev\/wp-content\/uploads\/2025\/04\/IMG_9750-edited-1024x576.jpg 1024w, https:\/\/www.g-lader.info\/vwpoloigdeutschlandev\/wp-content\/uploads\/2025\/04\/IMG_9750-edited-300x169.jpg 300w, https:\/\/www.g-lader.info\/vwpoloigdeutschlandev\/wp-content\/uploads\/2025\/04\/IMG_9750-edited-768x432.jpg 768w, https:\/\/www.g-lader.info\/vwpoloigdeutschlandev\/wp-content\/uploads\/2025\/04\/IMG_9750-edited-1536x864.jpg 1536w, https:\/\/www.g-lader.info\/vwpoloigdeutschlandev\/wp-content\/uploads\/2025\/04\/IMG_9750-edited-2048x1152.jpg 2048w\" sizes=\"auto, (max-width: 1024px) 100vw, 1024px\" \/><\/figure>\n\n\n\n<p><strong>&#8222;Die Polo IG ist mehr als ein Aufkleber auf der Seitenscheibe&#8220;<\/strong><br>Die Abgrenzung zu anderen (losen) Gruppierungen ist es uns sehr wichtig. Dass unsere Mitglieder eine hohe Kontinuit\u00e4t in ihrer Einstellung haben, um in ihrer Gesinnung zusammen zu passen, ist eine unserer Kerneigenschaften, die wir besonders sch\u00e4tzen. Wenn Interessenten schon davon abgeschreckt werden, dass wir sie erst einmal in Ruhe pers\u00f6nlich kennenlernen m\u00f6chten, dann passen sie vermutlich nicht zu uns. Bevor jedoch der Eindruck entsteht, wir seien eine Gruppe von alten, verkn\u00f6cherten Eigenbr\u00f6tlern: das sind wir nicht und wer uns kennt, der wei\u00df das. Und einen Aufkleber f\u00fcr die Seitenscheibe haben wir trotzdem.<\/p>\n\n\n\n<p><strong>Unser Ansatz<\/strong><br>Die Mitglieder unserer Interessensgemeinschaft widmen sich schwerpunktm\u00e4\u00dfig Fahrzeugen der Baureihen Audi 50, sowie VW Polo 1 und 2 inkl. Facelift. Der vorherrschende Ansatz ist der Erhalt dieser Fahrzeuge, die sich inzwischen alle im Oldtimer-Alter befinden, in gutem, serienm\u00e4\u00dfigen oder seriennahen Zustand. Das Ziel der VW Polo IG ist der bundesweite Austausch untereinander sowie gegenseitige Unterst\u00fctzung bei technischen Fragen und der zunehmend schwierigen Ersatzteilbeschaffung. Der VW Polo I und der VW Polo G40 nehmen in unserem Verein einen besonderen Stellenwert ein. Tats\u00e4chlich ist es so, dass die viele unserer Mitglieder mindestens ein Fahrzeug des Typs VW Polo G40 haben. Tuning ist in Kreisen der Polo IG nicht pauschal verp\u00f6nt oder unerw\u00fcnscht, allerdings gef\u00e4llt vielen unserer Mitgliedern der Polo genau so, wie er beim Hersteller vom Band lief. Das Gros unserer Mitglieder hat tendenziell weniger Interesse an Show-off-Fahrzeugen und Ver\u00e4nderungen, die gef\u00fchlt der Effekthascherei dienen (z.B. bis zur Fahruntauglichkeit bzw. Unkenntlichkeit modifizierte Fahrzeuge). Um es anders auszudr\u00fccken: &#8222;Kirmesbuden&#8220; und &#8222;Ratten&#8220; stehen nicht in unserem Fokus. Im Sinne von &#8222;NO HATE&#8220; respektieren wir aber nat\u00fcrlich alle Polo-Fans und deren Projekte. Bei den meisten unserer Mitgliedern wird es als K\u00f6nigsklasse verstanden, klassisches, d.h. zeitgen\u00f6ssisches und vor allem fahrbares Tuning umzusetzen &#8211; gerne in Verbindung mit Understatement. Deswegen sind uns Namen wie Sorg, Knobloch, Nothelle, Schrick und Co. bekannte Begriffe.<\/p>\n\n\n\n<figure class=\"wp-block-image size-large\"><img loading=\"lazy\" decoding=\"async\" width=\"1024\" height=\"576\" src=\"https:\/\/www.g-lader.info\/vwpoloigdeutschlandev\/wp-content\/uploads\/2025\/04\/Bild-073-edited-1024x576.jpg\" alt=\"\" class=\"wp-image-1622\" srcset=\"https:\/\/www.g-lader.info\/vwpoloigdeutschlandev\/wp-content\/uploads\/2025\/04\/Bild-073-edited-1024x576.jpg 1024w, https:\/\/www.g-lader.info\/vwpoloigdeutschlandev\/wp-content\/uploads\/2025\/04\/Bild-073-edited-300x169.jpg 300w, https:\/\/www.g-lader.info\/vwpoloigdeutschlandev\/wp-content\/uploads\/2025\/04\/Bild-073-edited-768x432.jpg 768w, https:\/\/www.g-lader.info\/vwpoloigdeutschlandev\/wp-content\/uploads\/2025\/04\/Bild-073-edited-1536x864.jpg 1536w, https:\/\/www.g-lader.info\/vwpoloigdeutschlandev\/wp-content\/uploads\/2025\/04\/Bild-073-edited-2048x1152.jpg 2048w\" sizes=\"auto, (max-width: 1024px) 100vw, 1024px\" \/><\/figure>\n\n\n\n<p><\/p>\n\n\n\n<p><strong>Kontaktinformation | Impressum<\/strong><br>Bei Fragen zum klassischen VW Polo und seinen Derivaten sind wir gerne hilfsbereit. Bitte bedenken Sie aber, dass wir keine Werkstatt ersetzen k\u00f6nnen und wollen. Bitte versuchen Sie, technische Fragen zun\u00e4chst selbst zu l\u00f6sen (Vorsicht vor Falschinformationen und gef\u00e4hrlichem Halbwissen aus sozialen Netzwerken!) oder fragen Sie Ihren Volkswagen Partner. Wenn Sie dort nicht weiter kommen, versuchen wir gerne zu helfen. Wir sind grunds\u00e4tzlich auch an Fahrzeugen und Teilen interessiert, die uns zum Kauf angeboten werden. Haben Sie aber bitte Verst\u00e4ndnis daf\u00fcr, dass wir keine Phantasiepreise zahlen und gegebenenfalls eine sehr ehrliche Meinung zur\u00fcck antworten.<\/p>\n\n\n\n<p><strong>Links<\/strong><br>Verlinkte Inhalte, Webseiten o.\u00e4. sind Eigentum der Anbieter und unterliegen deren Verantwortung. Die VW Polo IG distanziert sich von diesen Inhalten, da eine st\u00e4ndige \u00dcberwachung und Pr\u00fcfung nicht bis ins Detail erfolgen kann. F\u00fcr Verlinkungen auf unsere Webseite verwendet bitte die Domain www.vwpoloig.de und die Bezeichnung &#8222;VW Polo IG Deutschland&#8220; bzw. &#8222;VW Polo IG Deutschland e.V.&#8220;.<\/p>\n\n\n\n<p><strong>Rechts<\/strong><br>Rechts ist Gas!<\/p>\n\n\n\n<p><strong>F\u00fcr die Juristen<\/strong> (auch f\u00fcr die von Volkswagen!)<br>Die VW Polo IG tr\u00e4gt die Teile &#8222;VW&#8220; und &#8222;Polo&#8220; im Vereinsnamen, da eine klare und deutliche Abgrenzung zur Sportart &#8222;Polo&#8220; erforderlich ist. Die VW Polo IG steht in keiner Verbindung zur <a href=\"http:\/\/www.volkswagen.de\">Volkswagen AG<\/a> oder angeh\u00f6riger Gesellschaften und beabsichtigt auch keine \u00c4hnlichkeit oder Verwechselbarkeit mit dem Konzern, seinen Gesellschaften, Marken bzw. Modellen und Zubeh\u00f6r- bzw. Teilelieferanten. Die VW Polo IG erkennt die Marken, Modelle und Rechte (sofern bekannt) anstandslos an.<\/p>\n\n\n\n<p>Die VW Polo IG verfolgt ausschlie\u00dflich das Interesse an der Umsetzung der in der Vereinsatzung erkl\u00e4rten Ziele:<\/p>\n\n\n\n<p>&#8222;Zweck des Vereins ist die F\u00f6rderung des Motorsports und die Heranf\u00fchrung von Personen, insbesondere Jugendlicher, zum Erhalt von klassischen Fahrzeugen des Typs VW Polo und seinen Derivaten. Der Satzungszweck wird verwirklicht durch regelm\u00e4\u00dfigen Erfahrungsaustausch, sportliche \u00dcbungen mit Kraftfahrzeugen vornehmlich der o.g. Modellgruppen oder zumindest Fahrzeugen der Volkswagen AG und durch Restaurationsanschauungen sowie durch Lehrgespr\u00e4che mit praktischen \u00dcbungen. Die motorsportlichen \u00dcbungen und die Unterweisungen werden in der gesamten Bundesrepublik Deutschland und der gesamten EU durchgef\u00fchrt.&#8220;<\/p>\n\n\n\n<p>Die Verfolgung von gesch\u00e4ftlichen und\/oder gewinnorientierten Zwecken steht nicht im Vordergrund, es wird maximal die Deckung anfallender Unkosten bzw.- ein Kostenbeitrag angestrebt.<br><br>Sollte es aus irgendwelchen Gr\u00fcnden Gespr\u00e4chsbedarf geben, bitten wir um Mitteilung vor der Einleitung rechtlicher Schritte. Ganz ehrlich: wir haben doch alle besseres zu tun, als uns wegen wom\u00f6glicher Kleinigkeiten gegenseitig zu verklagen.<\/p>\n\n\n\n<p><strong>Postadresse<\/strong><br>VW Polo IG Deutschland e.V.<br>c\/o Sebastian Winkler, Almutstr. 129, 46537 Dinslaken<br><br><strong>Ansprechpartner<\/strong><br>Allgemeine Information: info[at]vwpoloig.de<br>Vorstand: Sebastian Schemmann (1. Vors.)<br>Webmaster: Sebastian Winkler<br>webmaster[at]g-lader.info<br>Telefon (dies ist keine VW Polo Werkstatt-, Teile- oder <a href=\"https:\/\/www.g-lader.info\/vwpoloigdeutschlandev\/?p=108\" data-type=\"post\" data-id=\"108\" target=\"_blank\" rel=\"noreferrer noopener\">Fahrzeugankauf<\/a>-Hotline)<br>0179 66 58 336<\/p>\n\n\n\n<p><\/p>\n\n\n\n<p><br><strong>Hinweis<\/strong><br>Die VW Polo IG Deutschland e.V. ist im Jahr 2012 durch Neugr\u00fcndung aus der IG Typ 86 hervorgegangen. Unsere Wurzeln reichen bis in die 1980er Jahre zur\u00fcck und viele unserer Mitglieder haben die &#8222;goldenen Zeiten&#8220; der Polo-Szene in den 1990er Jahren aktiv erlebt. Wenn Sie Kaufberatungen, Fachartikel o.\u00e4. der IG Typ 86 finden &#8211; das sind immer noch &#8222;wir&#8220;.<\/p>\n\n\n\n<figure class=\"wp-block-image size-full\"><img loading=\"lazy\" decoding=\"async\" width=\"800\" height=\"533\" src=\"https:\/\/www.g-lader.info\/vwpoloigdeutschlandev\/wp-content\/uploads\/2025\/04\/Img_5844.jpg\" alt=\"\" class=\"wp-image-1617\" srcset=\"https:\/\/www.g-lader.info\/vwpoloigdeutschlandev\/wp-content\/uploads\/2025\/04\/Img_5844.jpg 800w, https:\/\/www.g-lader.info\/vwpoloigdeutschlandev\/wp-content\/uploads\/2025\/04\/Img_5844-300x200.jpg 300w, https:\/\/www.g-lader.info\/vwpoloigdeutschlandev\/wp-content\/uploads\/2025\/04\/Img_5844-768x512.jpg 768w\" sizes=\"auto, (max-width: 800px) 100vw, 800px\" \/><\/figure>\n\n\n\n<p><\/p>\n","protected":false},"excerpt":{"rendered":"<p>Die Interessengemeinschaft zum klassischen VW Polo, Derby und Audi 50 Herzlich Willkommen auf der Webseite der VW Polo IG Deutschland<\/p>\n","protected":false},"author":1,"featured_media":0,"parent":0,"menu_order":0,"comment_status":"closed","ping_status":"closed","template":"","meta":{"colormag_page_container_layout":"default_layout","colormag_page_sidebar_layout":"default_layout","footnotes":""},"class_list":["post-11","page","type-page","status-publish","hentry"],"_links":{"self":[{"href":"https:\/\/www.g-lader.info\/vwpoloigdeutschlandev\/index.php?rest_route=\/wp\/v2\/pages\/11","targetHints":{"allow":["GET"]}}],"collection":[{"href":"https:\/\/www.g-lader.info\/vwpoloigdeutschlandev\/index.php?rest_route=\/wp\/v2\/pages"}],"about":[{"href":"https:\/\/www.g-lader.info\/vwpoloigdeutschlandev\/index.php?rest_route=\/wp\/v2\/types\/page"}],"author":[{"embeddable":true,"href":"https:\/\/www.g-lader.info\/vwpoloigdeutschlandev\/index.php?rest_route=\/wp\/v2\/users\/1"}],"replies":[{"embeddable":true,"href":"https:\/\/www.g-lader.info\/vwpoloigdeutschlandev\/index.php?rest_route=%2Fwp%2Fv2%2Fcomments&post=11"}],"version-history":[{"count":22,"href":"https:\/\/www.g-lader.info\/vwpoloigdeutschlandev\/index.php?rest_route=\/wp\/v2\/pages\/11\/revisions"}],"predecessor-version":[{"id":2596,"href":"https:\/\/www.g-lader.info\/vwpoloigdeutschlandev\/index.php?rest_route=\/wp\/v2\/pages\/11\/revisions\/2596"}],"wp:attachment":[{"href":"https:\/\/www.g-lader.info\/vwpoloigdeutschlandev\/index.php?rest_route=%2Fwp%2Fv2%2Fmedia&parent=11"}],"curies":[{"name":"wp","href":"https:\/\/api.w.org\/{rel}","templated":true}]}}